{"id":27,"date":"2025-11-11T12:21:14","date_gmt":"2025-11-11T12:21:14","guid":{"rendered":"https:\/\/www.vladorafael.sk\/home\/"},"modified":"2025-11-26T20:26:54","modified_gmt":"2025-11-26T20:26:54","slug":"home","status":"publish","type":"page","link":"https:\/\/www.vladorafael.sk\/en\/","title":{"rendered":"Introduction"},"content":{"rendered":"<div style=\"height:9px\" aria-hidden=\"true\" class=\"wp-block-spacer\"><\/div>\n\n\n\n<div class=\"wp-block-group alignwide has-background-background-color has-background has-global-padding is-layout-constrained wp-container-core-group-is-layout-4b0e5f52 wp-block-group-is-layout-constrained\" style=\"min-height:0px;margin-top:0;margin-bottom:0;padding-top:var(--wp--preset--spacing--30);padding-right:0;padding-bottom:var(--wp--preset--spacing--30);padding-left:0\">\n<div class=\"wp-block-columns alignwide is-layout-flex wp-container-core-columns-is-layout-643ced6b wp-block-columns-is-layout-flex\">\n<div class=\"wp-block-column is-vertically-aligned-top is-layout-flow wp-container-core-column-is-layout-f8561097 wp-block-column-is-layout-flow\" style=\"padding-top:0;padding-right:0;padding-bottom:0;padding-left:0;flex-basis:58.9%\">\n<div style=\"height:41px\" aria-hidden=\"true\" class=\"wp-block-spacer\"><\/div>\n\n\n\n<h1 class=\"wp-block-heading has-manrope-font-family has-x-large-font-size\">Welcome to my website<\/h1>\n\n\n\n<div style=\"height:8px\" aria-hidden=\"true\" class=\"wp-block-spacer\"><\/div>\n\n\n\n<p class=\"has-manrope-font-family has-medium-font-size\" style=\"margin-top:16px\">Education opens the door to new opportunities and I have the honor of accompanying people on this journey for more than two decades.<\/p>\n\n\n\n<div style=\"height:18px\" aria-hidden=\"true\" class=\"wp-block-spacer\"><\/div>\n\n\n\n<div style=\"height:12px\" aria-hidden=\"true\" class=\"wp-block-spacer\"><\/div>\n\n\n\n<p class=\"has-manrope-font-family has-medium-font-size\" style=\"margin-top:16px\">I am an educator, publicist, and lecturer focused on creating inclusive public policies, social innovations, and reducing inequalities in education. My ambition is to bring expert solutions that help schools and communities grow and move forward.<\/p>\n<\/div>\n\n\n\n<div class=\"wp-block-column is-vertically-aligned-center is-layout-flow wp-block-column-is-layout-flow\">\n<div class=\"wp-block-group alignwide is-content-justification-center is-nowrap is-layout-flex wp-container-core-group-is-layout-465f5588 wp-block-group-is-layout-flex\" style=\"border-style:none;border-width:0px;border-radius:0px;min-height:0px;margin-top:0;margin-bottom:0\">\n<div class=\"wp-block-group is-vertical is-content-justification-center is-layout-flex wp-container-core-group-is-layout-ce155fab wp-block-group-is-layout-flex\">\n<figure class=\"wp-block-image size-large is-resized\"><img loading=\"lazy\" decoding=\"async\" width=\"940\" height=\"1024\" src=\"https:\/\/www.vladorafael.sk\/wp-content\/uploads\/2025\/11\/vlado-2-kopia-2-copy-5-940x1024.jpg\" alt=\"\" class=\"wp-image-434\" style=\"width:370px;height:auto\" srcset=\"https:\/\/www.vladorafael.sk\/wp-content\/uploads\/2025\/11\/vlado-2-kopia-2-copy-5-940x1024.jpg 940w, https:\/\/www.vladorafael.sk\/wp-content\/uploads\/2025\/11\/vlado-2-kopia-2-copy-5-275x300.jpg 275w, https:\/\/www.vladorafael.sk\/wp-content\/uploads\/2025\/11\/vlado-2-kopia-2-copy-5-768x837.jpg 768w, https:\/\/www.vladorafael.sk\/wp-content\/uploads\/2025\/11\/vlado-2-kopia-2-copy-5-1409x1536.jpg 1409w, https:\/\/www.vladorafael.sk\/wp-content\/uploads\/2025\/11\/vlado-2-kopia-2-copy-5-1879x2048.jpg 1879w, https:\/\/www.vladorafael.sk\/wp-content\/uploads\/2025\/11\/vlado-2-kopia-2-copy-5-11x12.jpg 11w\" sizes=\"auto, (max-width: 940px) 100vw, 940px\" \/><\/figure>\n<\/div>\n<\/div>\n\n\n\n<p class=\"has-text-align-center\" style=\"margin-top:0;margin-bottom:0;padding-top:0;padding-bottom:0;font-size:clamp(1.092rem, 1.092rem + ((1vw - 0.2rem) * 1.013), 1.7rem);\">Mgr. Vlado Rafael, PhD.<\/p>\n<\/div>\n<\/div>\n<\/div>\n\n\n\n<div class=\"wp-block-group alignfull has-tertiary-background-color has-background has-global-padding is-layout-constrained wp-container-core-group-is-layout-0d3503ab wp-block-group-is-layout-constrained\" id=\"about-vlado\" style=\"min-height:0px;margin-top:0;margin-bottom:0;padding-top:var(--wp--preset--spacing--40);padding-right:var(--wp--preset--spacing--60);padding-bottom:var(--wp--preset--spacing--40);padding-left:var(--wp--preset--spacing--60)\">\n<div class=\"wp-block-columns alignwide is-layout-flex wp-container-core-columns-is-layout-47c06fe3 wp-block-columns-is-layout-flex\">\n<div class=\"wp-block-column is-vertically-aligned-center is-layout-flow wp-container-core-column-is-layout-80a7647b wp-block-column-is-layout-flow\" style=\"border-style:none;border-width:0px;padding-top:0;padding-right:0;padding-bottom:0;padding-left:0;flex-basis:100%\">\n<p class=\"has-text-align-left has-foreground-color has-text-color has-link-color has-manrope-font-family has-medium-font-size wp-elements-160063a4cd3d2c08f9f57ca8eb390034\" style=\"margin-top:16px\">I studied social work at the Faculty of Education of Comenius University in Bratislava, where I later also completed my doctoral studies in pedagogy at the Institute of Humanities. I worked for seven years at the Open Society Foundation as a professional consultant in the field of education, and my professional path was significantly shaped by an internship in Dayton, Ohio (USA), where I focused on community organizing and inclusive education.<\/p>\n\n\n\n<blockquote class=\"wp-block-quote is-layout-flow wp-block-quote-is-layout-flow\">\n<p class=\"has-foreground-color has-tertiary-background-color has-text-color has-background has-link-color has-heebo-font-family wp-elements-75c1f04d00b66501093c9cbb7874107c\" style=\"font-size:clamp(0.984rem, 0.984rem + ((1vw - 0.2rem) * 0.86), 1.5rem);\"><em>I bring new perspectives to inclusive education, connect experts from the field, and support social innovations that empower vulnerable groups and strengthen social cohesion.<\/em><\/p>\n<\/blockquote>\n\n\n\n<div class=\"wp-block-group is-content-justification-center is-nowrap is-layout-flex wp-container-core-group-is-layout-23441af8 wp-block-group-is-layout-flex\">\n<figure class=\"wp-block-image size-large is-resized\"><img loading=\"lazy\" decoding=\"async\" width=\"1024\" height=\"768\" src=\"https:\/\/www.vladorafael.sk\/wp-content\/uploads\/2025\/11\/486523753_1050501200433438_3240505243174976690_n-1024x768.jpg\" alt=\"\" class=\"wp-image-129\" style=\"width:474px;height:auto\" srcset=\"https:\/\/www.vladorafael.sk\/wp-content\/uploads\/2025\/11\/486523753_1050501200433438_3240505243174976690_n-1024x768.jpg 1024w, https:\/\/www.vladorafael.sk\/wp-content\/uploads\/2025\/11\/486523753_1050501200433438_3240505243174976690_n-300x225.jpg 300w, https:\/\/www.vladorafael.sk\/wp-content\/uploads\/2025\/11\/486523753_1050501200433438_3240505243174976690_n-768x576.jpg 768w, https:\/\/www.vladorafael.sk\/wp-content\/uploads\/2025\/11\/486523753_1050501200433438_3240505243174976690_n-1536x1152.jpg 1536w, https:\/\/www.vladorafael.sk\/wp-content\/uploads\/2025\/11\/486523753_1050501200433438_3240505243174976690_n.jpg 2048w\" sizes=\"auto, (max-width: 1024px) 100vw, 1024px\" \/><\/figure>\n\n\n\n<figure class=\"wp-block-image size-large is-resized\"><img loading=\"lazy\" decoding=\"async\" width=\"1024\" height=\"1024\" src=\"https:\/\/www.vladorafael.sk\/wp-content\/uploads\/2025\/11\/486661026_1049103420573216_6233941819102678104_n-1024x1024.jpg\" alt=\"\" class=\"wp-image-130\" style=\"width:356px;height:auto\" srcset=\"https:\/\/www.vladorafael.sk\/wp-content\/uploads\/2025\/11\/486661026_1049103420573216_6233941819102678104_n-1024x1024.jpg 1024w, https:\/\/www.vladorafael.sk\/wp-content\/uploads\/2025\/11\/486661026_1049103420573216_6233941819102678104_n-300x300.jpg 300w, https:\/\/www.vladorafael.sk\/wp-content\/uploads\/2025\/11\/486661026_1049103420573216_6233941819102678104_n-150x150.jpg 150w, https:\/\/www.vladorafael.sk\/wp-content\/uploads\/2025\/11\/486661026_1049103420573216_6233941819102678104_n-768x768.jpg 768w, https:\/\/www.vladorafael.sk\/wp-content\/uploads\/2025\/11\/486661026_1049103420573216_6233941819102678104_n.jpg 1440w\" sizes=\"auto, (max-width: 1024px) 100vw, 1024px\" \/><\/figure>\n<\/div>\n\n\n\n<div style=\"height:52px\" aria-hidden=\"true\" class=\"wp-block-spacer\"><\/div>\n\n\n\n<p class=\"has-manrope-font-family has-medium-font-size\">My long-term work includes roles as a social worker, educator, and advocate for the rights of children and vulnerable groups. I have published hundreds of texts\u2014ranging from expert analyses to journalistic articles\u2014that offer a critical view of the state of public policies and the possibilities for improving them. I have collaborated on national and international projects, worked as a consultant for the Council of Europe, and created several methodological guides, research studies, and analytical materials that help schools build more inclusive environments.<\/p>\n\n\n\n<blockquote class=\"wp-block-quote is-layout-flow wp-container-core-quote-is-layout-8f8dcc2a wp-block-quote-is-layout-flow\" style=\"border-style:none;border-width:0px;border-radius:0px;margin-top:0;margin-right:0;margin-bottom:0;margin-left:0;padding-top:0;padding-bottom:0\">\n<blockquote class=\"wp-block-quote is-layout-flow wp-block-quote-is-layout-flow\">\n<p class=\"has-foreground-color has-tertiary-background-color has-text-color has-background has-link-color has-heebo-font-family wp-elements-8dab0e1621025f2e48d5c88f28f038d8\" style=\"border-radius:0px;margin-top:0;margin-right:0;margin-bottom:0;margin-left:0;padding-top:0;padding-bottom:0;font-size:clamp(0.984rem, 0.984rem + ((1vw - 0.2rem) * 0.86), 1.5rem);\"><em>\u201eI am convinced that education which is high-quality, inclusive, and supported by fair public policies can create new opportunities and contribute to a society where everyone can fully develop their potential\u201c<\/em><\/p>\n<\/blockquote>\n<\/blockquote>\n\n\n\n<div class=\"wp-block-columns are-vertically-aligned-center is-layout-flex wp-container-core-columns-is-layout-28f84493 wp-block-columns-is-layout-flex\">\n<div class=\"wp-block-column is-vertically-aligned-center is-layout-flow wp-block-column-is-layout-flow\" style=\"flex-basis:50%\">\n<div class=\"wp-block-group is-content-justification-center is-nowrap is-layout-flex wp-container-core-group-is-layout-bfbbbc10 wp-block-group-is-layout-flex\">\n<figure class=\"wp-block-image size-full is-resized\"><img loading=\"lazy\" decoding=\"async\" width=\"750\" height=\"563\" src=\"https:\/\/www.vladorafael.sk\/wp-content\/uploads\/2025\/11\/foto1-1.jpg\" alt=\"\" class=\"wp-image-399\" style=\"aspect-ratio:1.7777777777777777;object-fit:cover;width:497px;height:auto\" srcset=\"https:\/\/www.vladorafael.sk\/wp-content\/uploads\/2025\/11\/foto1-1.jpg 750w, https:\/\/www.vladorafael.sk\/wp-content\/uploads\/2025\/11\/foto1-1-300x225.jpg 300w, https:\/\/www.vladorafael.sk\/wp-content\/uploads\/2025\/11\/foto1-1-16x12.jpg 16w\" sizes=\"auto, (max-width: 750px) 100vw, 750px\" \/><\/figure>\n<\/div>\n<\/div>\n\n\n\n<div class=\"wp-block-column is-vertically-aligned-center is-layout-flow wp-block-column-is-layout-flow\" style=\"flex-basis:50%\">\n<figure class=\"wp-block-image alignleft size-full is-resized\"><img loading=\"lazy\" decoding=\"async\" width=\"960\" height=\"541\" src=\"https:\/\/www.vladorafael.sk\/wp-content\/uploads\/2025\/11\/foto2-3.jpg\" alt=\"\" class=\"wp-image-402\" style=\"width:497px;height:auto\" srcset=\"https:\/\/www.vladorafael.sk\/wp-content\/uploads\/2025\/11\/foto2-3.jpg 960w, https:\/\/www.vladorafael.sk\/wp-content\/uploads\/2025\/11\/foto2-3-300x169.jpg 300w, https:\/\/www.vladorafael.sk\/wp-content\/uploads\/2025\/11\/foto2-3-768x433.jpg 768w, https:\/\/www.vladorafael.sk\/wp-content\/uploads\/2025\/11\/foto2-3-18x10.jpg 18w\" sizes=\"auto, (max-width: 960px) 100vw, 960px\" \/><\/figure>\n<\/div>\n<\/div>\n\n\n\n<div style=\"height:52px\" aria-hidden=\"true\" class=\"wp-block-spacer\"><\/div>\n\n\n\n<p class=\"has-foreground-color has-text-color has-link-color has-manrope-font-family has-medium-font-size wp-elements-2383965639e32ccd139fe4b290ff18b4\">\nAlongside my research, writing, and lecturing work, I also engage in literary creation, I am the author of the poetry collections \n<span style=\"color:#0036F7; text-decoration: underline;\">Cudzie kr\u00eddla (Foreign Wings)<\/span>\nand \n<em><a href=\"https:\/\/www.martinus.sk\/3637543-polnocny-ostrov\/kniha\" target=\"_blank\" rel=\"noopener\" title=\"Polno\u010dn\u00fd ostrov (Midnight Island)\" style=\"color:#0036F7; text-decoration: underline;\">Polno\u010dn\u00fd ostrov (Midnight Island)<\/a><\/em>.\n<\/p>\n\n\n\n<p class=\"has-manrope-font-family has-medium-font-size\">In 2012, I founded the educational organization <a href=\"http:\/\/eduroma.sk\" target=\"_blank\" rel=\"noopener\" title=\"eduRoma\">eduRoma<\/a>,which I continue to lead to this day. For my work in the field of human rights, I received the international Human Rights Defender Award in 2016, presented to me by the U.S. Embassy in Slovakia during the administration of President Barack Obama.<\/p>\n\n\n\n<div style=\"height:14px\" aria-hidden=\"true\" class=\"wp-block-spacer\"><\/div>\n<\/div>\n<\/div>\n<\/div>\n\n\n\n<div class=\"wp-block-group alignfull has-background has-medium-font-size has-global-padding is-layout-constrained wp-container-core-group-is-layout-dd4f972c wp-block-group-is-layout-constrained\" id=\"contact\" style=\"background:radial-gradient(rgba(7,146,227,0.89) 20%,rgba(155,81,224,0.91) 100%);margin-top:0;margin-bottom:0;padding-top:var(--wp--preset--spacing--40);padding-bottom:var(--wp--preset--spacing--40)\">\n<div class=\"wp-block-group has-global-padding is-layout-constrained wp-block-group-is-layout-constrained\">\n<h2 class=\"wp-block-heading has-text-align-center has-background-color has-text-color has-link-color has-large-font-size wp-elements-6a2697fcf1e55b2c8b3b3fbf18183248\"><em>Discover my work in one place:<\/em><\/h2>\n\n\n\n<p class=\"has-text-align-center has-background-color has-text-color has-link-color has-medium-font-size wp-elements-d4a12a762f97da4f85279aab07a170d4\" style=\"margin-top:16px\">On this page, you will find my contact information, outputs from my seminars and workshops, freely accessible professional publications, and media appearances everything you need to easily connect with me and access up-to-date information about my work.<\/p>\n<\/div>\n<\/div>","protected":false},"excerpt":{"rendered":"<p>Vitajte na mojom osobnom webe Vzdel\u00e1vanie otv\u00e1ra dvere k nov\u00fdm mo\u017enostiam \u2013 a ja m\u00e1m t\u00fa \u010des\u0165 sprev\u00e1dza\u0165 \u013eud\u00ed touto cestou u\u017e viac ako dve desa\u0165ro\u010dia. Som pedag\u00f3g, publicista a lektor, ktor\u00fd sa venuje tvorbe inkluz\u00edvnych verejn\u00fdch polit\u00edk, soci\u00e1lnym inov\u00e1ci\u00e1m a odstra\u0148ovaniu nerovnost\u00ed vo vzdel\u00e1van\u00ed. Mojou amb\u00edciou je prin\u00e1\u0161a\u0165 odborn\u00e9 rie\u0161enia, ktor\u00e9 pom\u00e1haj\u00fa \u0161kol\u00e1m aj [&hellip;]<\/p>","protected":false},"author":1,"featured_media":0,"parent":0,"menu_order":0,"comment_status":"closed","ping_status":"closed","template":"no-title","meta":{"footnotes":""},"class_list":["post-27","page","type-page","status-publish","hentry"],"aioseo_notices":[],"_links":{"self":[{"href":"https:\/\/www.vladorafael.sk\/en\/wp-json\/wp\/v2\/pages\/27","targetHints":{"allow":["GET"]}}],"collection":[{"href":"https:\/\/www.vladorafael.sk\/en\/wp-json\/wp\/v2\/pages"}],"about":[{"href":"https:\/\/www.vladorafael.sk\/en\/wp-json\/wp\/v2\/types\/page"}],"author":[{"embeddable":true,"href":"https:\/\/www.vladorafael.sk\/en\/wp-json\/wp\/v2\/users\/1"}],"replies":[{"embeddable":true,"href":"https:\/\/www.vladorafael.sk\/en\/wp-json\/wp\/v2\/comments?post=27"}],"version-history":[{"count":69,"href":"https:\/\/www.vladorafael.sk\/en\/wp-json\/wp\/v2\/pages\/27\/revisions"}],"predecessor-version":[{"id":458,"href":"https:\/\/www.vladorafael.sk\/en\/wp-json\/wp\/v2\/pages\/27\/revisions\/458"}],"wp:attachment":[{"href":"https:\/\/www.vladorafael.sk\/en\/wp-json\/wp\/v2\/media?parent=27"}],"curies":[{"name":"wp","href":"https:\/\/api.w.org\/{rel}","templated":true}]}}